{"id":127,"date":"2022-12-13T08:14:00","date_gmt":"2022-12-13T07:14:00","guid":{"rendered":"https:\/\/gastrofest.ro\/homepage-hu\/"},"modified":"2023-09-02T11:36:15","modified_gmt":"2023-09-02T08:36:15","slug":"homepage-hu","status":"publish","type":"page","link":"https:\/\/gastrofest.ro\/ro\/homepage-hu\/","title":{"rendered":"!Homepage-RO"},"content":{"rendered":"<section class=\"wpb-content-wrapper\"><p>[vc_row full_width=&#8221;stretch_row&#8221; el_id=&#8221;homeMobileHeader&#8221;][vc_column][vc_single_image image=&#8221;160&#8243; img_size=&#8221;full&#8221; alignment=&#8221;center&#8221; image_hovers=&#8221;false&#8221;][\/vc_column][\/vc_row][vc_row el_id=&#8221;homeTopLang&#8221;][vc_column][vc_icon icon_fontawesome=&#8221;fab fa-facebook&#8221; color=&#8221;white&#8221; size=&#8221;sm&#8221; link=&#8221;url:https%3A%2F%2Fwww.facebook.com%2Flankagastrofest|title:Facebook|target:_blank&#8221;][vc_icon icon_fontawesome=&#8221;fab fa-youtube&#8221; color=&#8221;white&#8221; size=&#8221;sm&#8221; link=&#8221;url:https%3A%2F%2Fwww.youtube.com%2F%40lankatransylvania-mezeluri18|title:Youtube|target:_blank&#8221;][vc_column_text]\n<div class=\"wpml-ls-statics-shortcode_actions wpml-ls wpml-ls-legacy-list-horizontal\">\n\t<ul><li class=\"wpml-ls-slot-shortcode_actions wpml-ls-item wpml-ls-item-hu wpml-ls-first-item wpml-ls-last-item wpml-ls-item-legacy-list-horizontal\">\n\t\t\t\t<a href=\"https:\/\/gastrofest.ro\" class=\"wpml-ls-link\">\n                                                        <img\n            class=\"wpml-ls-flag\"\n            src=\"https:\/\/gastrofest.ro\/wp-content\/plugins\/sitepress-multilingual-cms\/res\/flags\/hu.png\"\n            alt=\"\"\n            width=18\n            height=12\n    \/><span class=\"wpml-ls-native\" lang=\"hu\">Magyar<\/span><\/a>\n\t\t\t<\/li><\/ul>\n<\/div>\n[\/vc_column_text][\/vc_column][\/vc_row][vc_row full_width=&#8221;stretch_row&#8221; equal_height=&#8221;yes&#8221; content_placement=&#8221;middle&#8221; el_class=&#8221;row-home-main-menu&#8221;][vc_column][vc_wp_custommenu nav_menu=&#8221;10&#8243;][vc_raw_html]JTNDYSUyMGhyZWYlM0QlMjIlMjMlMjIlMjBjbGFzcyUzRCUyMmR0LW1vYmlsZS1tZW51LWljb24lMjIlMjBhcmlhLWxhYmVsJTNEJTIyTW9iaWxlJTIwbWVudSUyMGljb24lMjIlM0UlM0NkaXYlMjBjbGFzcyUzRCUyMmxpbmVzLWJ1dHRvbiUyMCUyMiUzRSUzQ3NwYW4lMjBjbGFzcyUzRCUyMm1lbnUtbGluZSUyMiUzRSUzQyUyRnNwYW4lM0UlM0NzcGFuJTIwY2xhc3MlM0QlMjJtZW51LWxpbmUlMjIlM0UlM0MlMkZzcGFuJTNFJTNDc3BhbiUyMGNsYXNzJTNEJTIybWVudS1saW5lJTIyJTNFJTNDJTJGc3BhbiUzRSUzQyUyRmRpdiUzRSUzQyUyRmElM0U=[\/vc_raw_html][\/vc_column][\/vc_row][vc_row el_class=&#8221;row-ticket-info&#8221;][vc_column width=&#8221;1\/4&#8243;][\/vc_column][vc_column width=&#8221;1\/2&#8243; el_class=&#8221;green-block&#8221;][vc_custom_heading text=&#8221;Bilete la intrare!&#8221; font_container=&#8221;tag:h2|text_align:center&#8221; use_theme_fonts=&#8221;yes&#8221; el_class=&#8221;home-ticket-info&#8221;]<style type=\"text\/css\" data-type=\"the7_shortcodes-inline-css\">#default-btn-ae16fc4e5810ef4fd0a2db97a02862ef.ico-right-side > i {\n  margin-right: 0px;\n  margin-left: 8px;\n}\n#default-btn-ae16fc4e5810ef4fd0a2db97a02862ef > i {\n  margin-right: 8px;\n}\n<\/style><div class=\"btn-align-center\"><a href=\"https:\/\/gastrofest.ro\/ro\/bilete\/\" class=\"default-btn-shortcode dt-btn dt-btn-m link-hover-off \" id=\"default-btn-ae16fc4e5810ef4fd0a2db97a02862ef\" title=\"Bilete\"><span>BILETE<\/span><\/a><\/div>[\/vc_column][vc_column width=&#8221;1\/4&#8243;][\/vc_column][\/vc_row][vc_section el_id=&#8221;homeMiddle&#8221;][vc_row][vc_column][vc_custom_heading text=&#8221;Cel mai mare festival gastronomic din jude\u0163ul Mure\u015f!&#8221; font_container=&#8221;tag:h1|text_align:center&#8221; use_theme_fonts=&#8221;yes&#8221; css=&#8221;.vc_custom_1693597084038{margin-bottom: 35px !important;}&#8221;][vc_custom_heading text=&#8221;Preg\u0103tim un eveniment bogat \u00een arome, experien\u021be, \u00eent\u00e2lniri \u0219i distrac\u021bie!&#8221; font_container=&#8221;tag:h2|text_align:center&#8221; use_theme_fonts=&#8221;yes&#8221;][\/vc_column][\/vc_row][vc_row equal_height=&#8221;yes&#8221; content_placement=&#8221;middle&#8221;][vc_column width=&#8221;2\/5&#8243; el_class=&#8221;col-txt&#8221;][vc_column_text]A m\u00e2nca \u00eempreun\u0103: o practic\u0103 str\u0103veche \u0219i elementar\u0103 a comunit\u0103\u021bii. C\u00e2nd am visat prima dat\u0103 despre Lanka Transylvania, \u00een ochii sufletului nostru au ap\u0103rut bucatele gustoase, mesele de familie \u0219i magia \u00eenduio\u0219\u0103toare a timpului petrecut \u00eempreun\u0103. Munca persistent\u0103 \u0219i consecvent\u0103 a ultimilor ani ne-a dovedit c\u0103 mezelurile \u0219i c\u0103rnurile de calitate realizate cu suflet ajung la mesele familiilor unde le-am destinat. Acest lucru ne-a f\u0103cut s\u0103 avem un vis \u0219i mai mare: v\u0103 prezent\u0103m Festivalul Gastro Lanka din Valea Nirajului, edi\u021bia I.[\/vc_column_text][\/vc_column][vc_column width=&#8221;3\/5&#8243;][vc_single_image image=&#8221;868&#8243; img_size=&#8221;full&#8221; alignment=&#8221;center&#8221; lazy_loading=&#8221;true&#8221;][\/vc_column][\/vc_row][vc_row gap=&#8221;35&#8243;][vc_column width=&#8221;1\/12&#8243; offset=&#8221;vc_col-lg-2 vc_hidden-sm&#8221;][\/vc_column][vc_column width=&#8221;1\/2&#8243; el_class=&#8221;green-block&#8221; offset=&#8221;vc_col-lg-4 vc_col-md-5&#8243;][vc_single_image image=&#8221;30&#8243; img_size=&#8221;full&#8221;][vc_column_text]2-3 septembrie,<br \/>\n2023[\/vc_column_text][\/vc_column][vc_column width=&#8221;1\/2&#8243; el_class=&#8221;green-block&#8221; offset=&#8221;vc_col-lg-4 vc_col-md-5&#8243;][vc_single_image image=&#8221;31&#8243; img_size=&#8221;full&#8221;][vc_column_text]Valea Nirajului,<br \/>\nV\u00e2rful D\u0103mieni[\/vc_column_text][\/vc_column][vc_column width=&#8221;1\/12&#8243; offset=&#8221;vc_col-lg-2 vc_hidden-sm&#8221;][\/vc_column][\/vc_row][vc_row equal_height=&#8221;yes&#8221; content_placement=&#8221;middle&#8221; el_class=&#8221;row-inverted&#8221;][vc_column width=&#8221;2\/5&#8243; el_class=&#8221;col-txt&#8221;][vc_column_text]\u00centruc\u00e2t pe l\u00e2ng\u0103 a oferi produse de o calitate impecabil\u0103, dorim s\u0103 construim \u0219i o comunitate, suntem \u00eencrez\u0103tori c\u0103 vom oferi o platform\u0103 important\u0103 pentru afacerile mici din zon\u0103, ei prezent\u00e2ndu-se la Festivalul Gastro Lanka.[\/vc_column_text][\/vc_column][vc_column width=&#8221;3\/5&#8243;][vc_single_image image=&#8221;866&#8243; img_size=&#8221;full&#8221; alignment=&#8221;center&#8221; lazy_loading=&#8221;true&#8221;][\/vc_column][\/vc_row][\/vc_section][vc_section el_id=&#8221;homeMiddleMobile&#8221;][vc_row][vc_column][vc_custom_heading text=&#8221;Cel mai mare festival gastronomic din jude\u0163ul Mure\u015f!&#8221; font_container=&#8221;tag:h1|text_align:center&#8221; use_theme_fonts=&#8221;yes&#8221; css=&#8221;.vc_custom_1693597197554{margin-bottom: 35px !important;}&#8221;][\/vc_column][\/vc_row][vc_row gap=&#8221;35&#8243;][vc_column width=&#8221;1\/12&#8243; offset=&#8221;vc_col-lg-2 vc_hidden-sm&#8221;][\/vc_column][vc_column width=&#8221;1\/2&#8243; el_class=&#8221;green-block&#8221; offset=&#8221;vc_col-lg-4 vc_col-md-5&#8243;][vc_single_image image=&#8221;30&#8243; img_size=&#8221;full&#8221;][vc_column_text]2-3 septembrie,<br \/>\n2023[\/vc_column_text][\/vc_column][vc_column width=&#8221;1\/2&#8243; el_class=&#8221;green-block&#8221; offset=&#8221;vc_col-lg-4 vc_col-md-5&#8243;][vc_single_image image=&#8221;31&#8243; img_size=&#8221;full&#8221;][vc_column_text]Valea Nirajului,<br \/>\nV\u00e2rful D\u0103mieni[\/vc_column_text][\/vc_column][vc_column width=&#8221;1\/12&#8243; offset=&#8221;vc_col-lg-2 vc_hidden-sm&#8221;][\/vc_column][\/vc_row][vc_row equal_height=&#8221;yes&#8221; content_placement=&#8221;middle&#8221;][vc_column width=&#8221;3\/5&#8243;][vc_single_image image=&#8221;868&#8243; img_size=&#8221;full&#8221; alignment=&#8221;center&#8221; lazy_loading=&#8221;true&#8221;][\/vc_column][vc_column width=&#8221;2\/5&#8243; el_class=&#8221;col-txt&#8221;][vc_custom_heading text=&#8221;Preg\u0103tim un eveniment bogat \u00een arome, experien\u021be, \u00eent\u00e2lniri \u0219i distrac\u021bie!&#8221; font_container=&#8221;tag:h3|text_align:center&#8221; use_theme_fonts=&#8221;yes&#8221;][vc_column_text]A m\u00e2nca \u00eempreun\u0103: o practic\u0103 str\u0103veche \u0219i elementar\u0103 a comunit\u0103\u021bii. C\u00e2nd am visat prima dat\u0103 despre Lanka Transylvania, \u00een ochii sufletului nostru au ap\u0103rut bucatele gustoase, mesele de familie \u0219i magia \u00eenduio\u0219\u0103toare a timpului petrecut \u00eempreun\u0103. Munca persistent\u0103 \u0219i consecvent\u0103 a ultimilor ani ne-a dovedit c\u0103 mezelurile \u0219i c\u0103rnurile de calitate realizate cu suflet ajung la mesele familiilor unde le-am destinat. Acest lucru ne-a f\u0103cut s\u0103 avem un vis \u0219i mai mare: v\u0103 prezent\u0103m Festivalul Gastro Lanka din Valea Nirajului, edi\u021bia I.[\/vc_column_text][\/vc_column][\/vc_row][vc_row equal_height=&#8221;yes&#8221; content_placement=&#8221;middle&#8221; el_class=&#8221;row-inverted&#8221;][vc_column width=&#8221;3\/5&#8243;][vc_single_image image=&#8221;866&#8243; img_size=&#8221;full&#8221; alignment=&#8221;center&#8221; lazy_loading=&#8221;true&#8221;][\/vc_column][vc_column width=&#8221;2\/5&#8243; el_class=&#8221;col-txt&#8221;][vc_column_text]\u00centruc\u00e2t pe l\u00e2ng\u0103 a oferi produse de o calitate impecabil\u0103, dorim s\u0103 construim \u0219i o comunitate, suntem \u00eencrez\u0103tori c\u0103 vom oferi o platform\u0103 important\u0103 pentru afacerile mici din zon\u0103, ei prezent\u00e2ndu-se la Festivalul Gastro Lanka.[\/vc_column_text][\/vc_column][\/vc_row][\/vc_section][vc_section el_id=&#8221;homeTickets&#8221;][vc_row][vc_column][vc_column_text]<\/p>\n<p style=\"text-align: center;\"><strong>Bilete la intrare!<\/strong><\/p>\n<p>[\/vc_column_text][\/vc_column][\/vc_row][vc_row equal_height=&#8221;yes&#8221; el_class=&#8221;row-tickets&#8221;][vc_column width=&#8221;1\/3&#8243; el_class=&#8221;col-ticket&#8221;][vc_single_image image=&#8221;516&#8243; img_size=&#8221;full&#8221; alignment=&#8221;center&#8221;][vc_custom_heading text=&#8221;Bilet adul\u021bi&#8221; font_container=&#8221;tag:h4|text_align:center&#8221; use_theme_fonts=&#8221;yes&#8221;][vc_column_text el_class=&#8221;desc&#8221;]\u00a0\u00a0\u00a0[\/vc_column_text][vc_column_text el_class=&#8221;price&#8221;]<\/p>\n<p class=\"sum\">30 <small>lei<\/small><\/p>\n<p>[\/vc_column_text][\/vc_column][vc_column width=&#8221;1\/3&#8243; el_class=&#8221;col-ticket&#8221;][vc_single_image image=&#8221;514&#8243; img_size=&#8221;full&#8221; alignment=&#8221;center&#8221;][vc_custom_heading text=&#8221;Bilet copii&#8221; font_container=&#8221;tag:h4|text_align:center&#8221; use_theme_fonts=&#8221;yes&#8221;][vc_column_text el_class=&#8221;desc&#8221;]<\/p>\n<p style=\"text-align: center;\">\u00eentre 3 \u2013 14 ani<\/p>\n<p>[\/vc_column_text][vc_column_text el_class=&#8221;price&#8221;]<\/p>\n<p class=\"sum\">15 <small>lei<\/small><\/p>\n<p>[\/vc_column_text][\/vc_column][vc_column width=&#8221;1\/3&#8243; el_class=&#8221;col-ticket&#8221;][vc_single_image image=&#8221;512&#8243; img_size=&#8221;full&#8221; alignment=&#8221;center&#8221;][vc_custom_heading text=&#8221;Bilet de familie&#8221; font_container=&#8221;tag:h4|text_align:center&#8221; use_theme_fonts=&#8221;yes&#8221;][vc_column_text el_class=&#8221;desc&#8221;]<\/p>\n<p style=\"text-align: center;\">2 adul\u0163i + copii<\/p>\n<p>[\/vc_column_text][vc_column_text el_class=&#8221;price&#8221;]<\/p>\n<p class=\"sum\">60 <small>lei<\/small><\/p>\n<p>[\/vc_column_text][\/vc_column][\/vc_row][vc_row el_class=&#8221;ticket-notice&#8221;][vc_column][vc_column_text]<\/p>\n<p style=\"text-align: center;\"><em>*Biletul de familie este valabil pentru doi adul\u021bi \u0219i to\u021bi copiii din familie.<\/em><\/p>\n<p>[\/vc_column_text][vc_custom_heading text=&#8221;Curios? Hai \u015fi gust\u0103!&#8221; font_container=&#8221;tag:h3|text_align:center&#8221; use_theme_fonts=&#8221;yes&#8221;][\/vc_column][\/vc_row][vc_row][vc_column][vc_column_text]Pentru a onora gusturile variate \u0219i bogate ale V\u0103ii Nirajului, ne-am preg\u0103tit cu o varietate de programe captivante. Familia este foarte important\u0103 pentru noi, a\u0219a c\u0103 am acordat o aten\u021bie deosebit\u0103 activit\u0103\u021bilor pentru diferite grupe de v\u00e2rst\u0103, precum \u0219i programelor de divertisment familiale, astfel \u00eenc\u00e2t cei mici \u0219i cei mari s\u0103 g\u0103seasc\u0103 \u00eempreun\u0103 sau separat ceea ce li se potrive\u0219te cel mai bine.[\/vc_column_text][vc_column_text]<div class=\"em-search-ajax\"><div class=\"em-view-container\" id=\"em-view-941167755\" data-view=\"list\">\r\n\t<div class=\"em-list em-categories-list\" id=\"em-categories-list-941167755\" data-view-id=\"941167755\">\r\n\t\t<div class=\"vc_row wpb_row vc_row-fluid vc_row-o-equal-height vc_row-flex\"><div class=\"wpb_column vc_column_container vc_col-sm-12 vc_col-lg-offset-0 vc_col-lg-6 vc_col-md-offset-1 vc_col-md-10 event-categ-col\">\r\n\t<div class=\"vc_column-inner\">\r\n\t\t<div class=\"wpb_wrapper\">\r\n\t\t\t<div class=\"vc_row wpb_row vc_inner vc_row-fluid vc_row-o-equal-height vc_row-o-content-middle vc_row-flex\">\r\n\t\t\t\t<div class=\"col-norm wpb_column vc_column_container vc_col-sm-6 col-img\">\r\n\t\t\t\t\t<div class=\"vc_column-inner\" style=\"background-image: url(https:\/\/gastrofest.ro\/wp-content\/uploads\/2023\/07\/img-event-koncertek.jpg);\">\r\n\t\t\t\t\t\t<div class=\"wpb_wrapper\">\u00a0<\/div>\r\n\t\t\t\t\t<\/div>\r\n\t\t\t\t<\/div>\r\n\t\t\t\t<div class=\"col-norm wpb_column vc_column_container vc_col-sm-6 col-txt\">\r\n\t\t\t\t\t<div class=\"vc_column-inner\">\r\n\t\t\t\t\t\t<div class=\"wpb_wrapper\">\r\n\t\t\t\t\t\t\t<h4 class=\"categ-title\">Concerte<\/h4>\r\n\t\t\t\t\t\t\t<div class=\"categ-desc\">Scena Festivalului Gastronomic va g\u0103zdui diferite concerte care ofer\u0103 vizitatorilor experien\u021be muzicale unice.<\/div>\r\n\t\t\t\t\t\t<\/div>\r\n\t\t\t\t\t<\/div>\r\n\t\t\t\t<\/div>\r\n\t\t\t<\/div>\r\n\t\t<\/div>\r\n\t<\/div>\r\n<\/div><div class=\"wpb_column vc_column_container vc_col-sm-12 vc_col-lg-offset-0 vc_col-lg-6 vc_col-md-offset-1 vc_col-md-10 event-categ-col\">\r\n\t<div class=\"vc_column-inner\">\r\n\t\t<div class=\"wpb_wrapper\">\r\n\t\t\t<div class=\"vc_row wpb_row vc_inner vc_row-fluid vc_row-o-equal-height vc_row-o-content-middle vc_row-flex\">\r\n\t\t\t\t<div class=\"col-norm wpb_column vc_column_container vc_col-sm-6 col-img\">\r\n\t\t\t\t\t<div class=\"vc_column-inner\" style=\"background-image: url(https:\/\/gastrofest.ro\/wp-content\/uploads\/2023\/02\/img-event-gasztro.jpg);\">\r\n\t\t\t\t\t\t<div class=\"wpb_wrapper\">\u00a0<\/div>\r\n\t\t\t\t\t<\/div>\r\n\t\t\t\t<\/div>\r\n\t\t\t\t<div class=\"col-norm wpb_column vc_column_container vc_col-sm-6 col-txt\">\r\n\t\t\t\t\t<div class=\"vc_column-inner\">\r\n\t\t\t\t\t\t<div class=\"wpb_wrapper\">\r\n\t\t\t\t\t\t\t<h4 class=\"categ-title\">Gastro<\/h4>\r\n\t\t\t\t\t\t\t<div class=\"categ-desc\">Tot ce-i bun de ochi \u0219i gur\u0103: v\u0103 a\u0219teapt\u0103 o mare varietate de produse din carne, mezeluri \u0219i c\u00e2rna\u021bi, br\u00e2nzeturi, mur\u0103turi, dulciuri \u0219i, bine\u00een\u021beles, b\u0103uturi care potolesc setea \u0219i revigoreaz\u0103 sufletul.<\/div>\r\n\t\t\t\t\t\t<\/div>\r\n\t\t\t\t\t<\/div>\r\n\t\t\t\t<\/div>\r\n\t\t\t<\/div>\r\n\t\t<\/div>\r\n\t<\/div>\r\n<\/div><div class=\"wpb_column vc_column_container vc_col-sm-12 vc_col-lg-offset-0 vc_col-lg-6 vc_col-md-offset-1 vc_col-md-10 event-categ-col\">\r\n\t<div class=\"vc_column-inner\">\r\n\t\t<div class=\"wpb_wrapper\">\r\n\t\t\t<div class=\"vc_row wpb_row vc_inner vc_row-fluid vc_row-o-equal-height vc_row-o-content-middle vc_row-flex\">\r\n\t\t\t\t<div class=\"col-norm wpb_column vc_column_container vc_col-sm-6 col-img\">\r\n\t\t\t\t\t<div class=\"vc_column-inner\" style=\"background-image: url(https:\/\/gastrofest.ro\/wp-content\/uploads\/2023\/02\/img-event-piknik.jpg);\">\r\n\t\t\t\t\t\t<div class=\"wpb_wrapper\">\u00a0<\/div>\r\n\t\t\t\t\t<\/div>\r\n\t\t\t\t<\/div>\r\n\t\t\t\t<div class=\"col-norm wpb_column vc_column_container vc_col-sm-6 col-txt\">\r\n\t\t\t\t\t<div class=\"vc_column-inner\">\r\n\t\t\t\t\t\t<div class=\"wpb_wrapper\">\r\n\t\t\t\t\t\t\t<h4 class=\"categ-title\">Picnic<\/h4>\r\n\t\t\t\t\t\t\t<div class=\"categ-desc\">S\u0103 te afli \u00een aer liber e bine, s\u0103 \u0219i m\u0103n\u00e2nci acolo e \u0219i mai bine! V\u0103 a\u0219tept\u0103m pe V\u00e2rful D\u0103mieni la un picnic cu p\u0103tur\u0103 \u0219i co\u0219ule\u021b, z\u00e2mbete \u0219i bucate alese . Pentru c\u0103 sub cerul albastru, m\u00e2ncatul devine o adev\u0103rat\u0103 experien\u021b\u0103.<\/div>\r\n\t\t\t\t\t\t<\/div>\r\n\t\t\t\t\t<\/div>\r\n\t\t\t\t<\/div>\r\n\t\t\t<\/div>\r\n\t\t<\/div>\r\n\t<\/div>\r\n<\/div><div class=\"wpb_column vc_column_container vc_col-sm-12 vc_col-lg-offset-0 vc_col-lg-6 vc_col-md-offset-1 vc_col-md-10 event-categ-col\">\r\n\t<div class=\"vc_column-inner\">\r\n\t\t<div class=\"wpb_wrapper\">\r\n\t\t\t<div class=\"vc_row wpb_row vc_inner vc_row-fluid vc_row-o-equal-height vc_row-o-content-middle vc_row-flex\">\r\n\t\t\t\t<div class=\"col-norm wpb_column vc_column_container vc_col-sm-6 col-img\">\r\n\t\t\t\t\t<div class=\"vc_column-inner\" style=\"background-image: url(https:\/\/gastrofest.ro\/wp-content\/uploads\/2023\/02\/img-event-vasar.jpg);\">\r\n\t\t\t\t\t\t<div class=\"wpb_wrapper\">\u00a0<\/div>\r\n\t\t\t\t\t<\/div>\r\n\t\t\t\t<\/div>\r\n\t\t\t\t<div class=\"col-norm wpb_column vc_column_container vc_col-sm-6 col-txt\">\r\n\t\t\t\t\t<div class=\"vc_column-inner\">\r\n\t\t\t\t\t\t<div class=\"wpb_wrapper\">\r\n\t\t\t\t\t\t\t<h4 class=\"categ-title\">T\u00e2rgul produc\u0103torilor<\/h4>\r\n\t\t\t\t\t\t\t<div class=\"categ-desc\">Puiul t\u00e2rgului: \u0219i la propriu, \u0219i la figurat! Ne-am uitat prin jur \u0219i v\u0103 aducem cele mai fine bun\u0103t\u0103\u021buri ale produc\u0103torilor locali din Valea Nirajului! Sprijinim tot ce este local, pentru c\u0103 e mai proasp\u0103t, mai bun, mai nutritiv, mai de \u00eencredere.<\/div>\r\n\t\t\t\t\t\t<\/div>\r\n\t\t\t\t\t<\/div>\r\n\t\t\t\t<\/div>\r\n\t\t\t<\/div>\r\n\t\t<\/div>\r\n\t<\/div>\r\n<\/div><div class=\"wpb_column vc_column_container vc_col-sm-12 vc_col-lg-offset-0 vc_col-lg-6 vc_col-md-offset-1 vc_col-md-10 event-categ-col\">\r\n\t<div class=\"vc_column-inner\">\r\n\t\t<div class=\"wpb_wrapper\">\r\n\t\t\t<div class=\"vc_row wpb_row vc_inner vc_row-fluid vc_row-o-equal-height vc_row-o-content-middle vc_row-flex\">\r\n\t\t\t\t<div class=\"col-norm wpb_column vc_column_container vc_col-sm-6 col-img\">\r\n\t\t\t\t\t<div class=\"vc_column-inner\" style=\"background-image: url(https:\/\/gastrofest.ro\/wp-content\/uploads\/2023\/02\/img-event-allatsimogato.jpg);\">\r\n\t\t\t\t\t\t<div class=\"wpb_wrapper\">\u00a0<\/div>\r\n\t\t\t\t\t<\/div>\r\n\t\t\t\t<\/div>\r\n\t\t\t\t<div class=\"col-norm wpb_column vc_column_container vc_col-sm-6 col-txt\">\r\n\t\t\t\t\t<div class=\"vc_column-inner\">\r\n\t\t\t\t\t\t<div class=\"wpb_wrapper\">\r\n\t\t\t\t\t\t\t<h4 class=\"categ-title\">M\u00e2ng\u00e2iere a animalelor<\/h4>\r\n\t\t\t\t\t\t\t<div class=\"categ-desc\">\u00cen miniparcul pentru m\u00e2ng\u00e2iere a animalelor, at\u00e2t copiii, c\u00e2t \u0219i cei cu suflet de copil se vor putea bucura de iubirea prietenilor no\u0219tri patrupezi. Cu grij\u0103, aten\u021bie \u0219i curiozitate, \u00een vederea unei convie\u021buiri pa\u0219nice.<\/div>\r\n\t\t\t\t\t\t<\/div>\r\n\t\t\t\t\t<\/div>\r\n\t\t\t\t<\/div>\r\n\t\t\t<\/div>\r\n\t\t<\/div>\r\n\t<\/div>\r\n<\/div><div class=\"wpb_column vc_column_container vc_col-sm-12 vc_col-lg-offset-0 vc_col-lg-6 vc_col-md-offset-1 vc_col-md-10 event-categ-col\">\r\n\t<div class=\"vc_column-inner\">\r\n\t\t<div class=\"wpb_wrapper\">\r\n\t\t\t<div class=\"vc_row wpb_row vc_inner vc_row-fluid vc_row-o-equal-height vc_row-o-content-middle vc_row-flex\">\r\n\t\t\t\t<div class=\"col-norm wpb_column vc_column_container vc_col-sm-6 col-img\">\r\n\t\t\t\t\t<div class=\"vc_column-inner\" style=\"background-image: url(https:\/\/gastrofest.ro\/wp-content\/uploads\/2023\/02\/img-event-gyerekprogramok.jpg);\">\r\n\t\t\t\t\t\t<div class=\"wpb_wrapper\">\u00a0<\/div>\r\n\t\t\t\t\t<\/div>\r\n\t\t\t\t<\/div>\r\n\t\t\t\t<div class=\"col-norm wpb_column vc_column_container vc_col-sm-6 col-txt\">\r\n\t\t\t\t\t<div class=\"vc_column-inner\">\r\n\t\t\t\t\t\t<div class=\"wpb_wrapper\">\r\n\t\t\t\t\t\t\t<h4 class=\"categ-title\">Programe pentru copii<\/h4>\r\n\t\t\t\t\t\t\t<div class=\"categ-desc\">Omul nu tr\u0103ie\u015fte numai cu p\u00e2ine, ci \u0219i cu joac\u0103! \u00cei a\u0219tept\u0103m pe cei mici cu activit\u0103\u021bi creative \u0219i tradi\u021bionale, at\u00e2t pentru distrac\u021bie, c\u00e2t \u0219i pentru dezvoltarea abilit\u0103\u021bilor. Jocuri de o mie de feluri pentru copii \u0219i \u00eenso\u021bitorii lor!<\/div>\r\n\t\t\t\t\t\t<\/div>\r\n\t\t\t\t\t<\/div>\r\n\t\t\t\t<\/div>\r\n\t\t\t<\/div>\r\n\t\t<\/div>\r\n\t<\/div>\r\n<\/div><div class=\"wpb_column vc_column_container vc_col-sm-12 vc_col-lg-offset-0 vc_col-lg-6 vc_col-md-offset-1 vc_col-md-10 event-categ-col\">\r\n\t<div class=\"vc_column-inner\">\r\n\t\t<div class=\"wpb_wrapper\">\r\n\t\t\t<div class=\"vc_row wpb_row vc_inner vc_row-fluid vc_row-o-equal-height vc_row-o-content-middle vc_row-flex\">\r\n\t\t\t\t<div class=\"col-norm wpb_column vc_column_container vc_col-sm-6 col-img\">\r\n\t\t\t\t\t<div class=\"vc_column-inner\" style=\"background-image: url(https:\/\/gastrofest.ro\/wp-content\/uploads\/2023\/02\/img-event-beszelgetesek.jpg);\">\r\n\t\t\t\t\t\t<div class=\"wpb_wrapper\">\u00a0<\/div>\r\n\t\t\t\t\t<\/div>\r\n\t\t\t\t<\/div>\r\n\t\t\t\t<div class=\"col-norm wpb_column vc_column_container vc_col-sm-6 col-txt\">\r\n\t\t\t\t\t<div class=\"vc_column-inner\">\r\n\t\t\t\t\t\t<div class=\"wpb_wrapper\">\r\n\t\t\t\t\t\t\t<h4 class=\"categ-title\">Discu\u0163ii<\/h4>\r\n\t\t\t\t\t\t\t<div class=\"categ-desc\">O g\u0103tim, o pr\u0103jim, o afum\u0103m, \u0219i dup\u0103 aia, o \u0219i discut\u0103m! V\u0103 invit\u0103m la discu\u021bii delicioase despre secretele gastronomiei \u0219i despre m\u00e2nc\u0103ruri apetisante care v\u0103 vor face poft\u0103 de g\u0103tit. Pe \u00een\u021belesul tuturor, ca s\u0103 \u0219i pricepem arta culinar\u0103.<\/div>\r\n\t\t\t\t\t\t<\/div>\r\n\t\t\t\t\t<\/div>\r\n\t\t\t\t<\/div>\r\n\t\t\t<\/div>\r\n\t\t<\/div>\r\n\t<\/div>\r\n<\/div><div class=\"wpb_column vc_column_container vc_col-sm-12 vc_col-lg-offset-0 vc_col-lg-6 vc_col-md-offset-1 vc_col-md-10 event-categ-col\">\r\n\t<div class=\"vc_column-inner\">\r\n\t\t<div class=\"wpb_wrapper\">\r\n\t\t\t<div class=\"vc_row wpb_row vc_inner vc_row-fluid vc_row-o-equal-height vc_row-o-content-middle vc_row-flex\">\r\n\t\t\t\t<div class=\"col-norm wpb_column vc_column_container vc_col-sm-6 col-img\">\r\n\t\t\t\t\t<div class=\"vc_column-inner\" style=\"background-image: url(https:\/\/gastrofest.ro\/wp-content\/uploads\/2023\/02\/img-event-ijaszat.jpg);\">\r\n\t\t\t\t\t\t<div class=\"wpb_wrapper\">\u00a0<\/div>\r\n\t\t\t\t\t<\/div>\r\n\t\t\t\t<\/div>\r\n\t\t\t\t<div class=\"col-norm wpb_column vc_column_container vc_col-sm-6 col-txt\">\r\n\t\t\t\t\t<div class=\"vc_column-inner\">\r\n\t\t\t\t\t\t<div class=\"wpb_wrapper\">\r\n\t\t\t\t\t\t\t<h4 class=\"categ-title\">Tir cu arcul<\/h4>\r\n\t\t\t\t\t\t\t<div class=\"categ-desc\">S\u0103 tragi cu arcul nu este doar distractiv, ci \u0219i o provocare! Te transport\u0103 \u00eenapoi \u00een zilele de odinioar\u0103, \u00ee\u021bi m\u0103re\u0219te \u00eencrederea \u00een sine, \u00ee\u021bi cre\u0219te capacitatea de concentrare, cheful de joac\u0103 \u0219i spiritul combativ s\u0103n\u0103tos. Acum ai ocazia s\u0103-l \u00eencerci!<\/div>\r\n\t\t\t\t\t\t<\/div>\r\n\t\t\t\t\t<\/div>\r\n\t\t\t\t<\/div>\r\n\t\t\t<\/div>\r\n\t\t<\/div>\r\n\t<\/div>\r\n<\/div><div class=\"wpb_column vc_column_container vc_col-sm-12 vc_col-lg-offset-0 vc_col-lg-6 vc_col-md-offset-1 vc_col-md-10 event-categ-col\">\r\n\t<div class=\"vc_column-inner\">\r\n\t\t<div class=\"wpb_wrapper\">\r\n\t\t\t<div class=\"vc_row wpb_row vc_inner vc_row-fluid vc_row-o-equal-height vc_row-o-content-middle vc_row-flex\">\r\n\t\t\t\t<div class=\"col-norm wpb_column vc_column_container vc_col-sm-6 col-img\">\r\n\t\t\t\t\t<div class=\"vc_column-inner\" style=\"background-image: url(https:\/\/gastrofest.ro\/wp-content\/uploads\/2023\/02\/img-event-hagyomany.jpg);\">\r\n\t\t\t\t\t\t<div class=\"wpb_wrapper\">\u00a0<\/div>\r\n\t\t\t\t\t<\/div>\r\n\t\t\t\t<\/div>\r\n\t\t\t\t<div class=\"col-norm wpb_column vc_column_container vc_col-sm-6 col-txt\">\r\n\t\t\t\t\t<div class=\"vc_column-inner\">\r\n\t\t\t\t\t\t<div class=\"wpb_wrapper\">\r\n\t\t\t\t\t\t\t<h4 class=\"categ-title\">Tradi\u0163ie<\/h4>\r\n\t\t\t\t\t\t\t<div class=\"categ-desc\">Cultura ne d\u0103 r\u0103d\u0103cini \u0219i aripi. Programe cu activit\u0103\u021bi tradi\u021bionale care ne permit s\u0103 cunoa\u0219tem obiceiurile \u0219i me\u0219te\u0219ugurile populare \u0219i s\u0103 le adapt\u0103m zilelor noastre. Ansamblul Folcloric Bekecs ne va \u00eenc\u00e2nta cu un spectacol tradi\u021bional.<\/div>\r\n\t\t\t\t\t\t<\/div>\r\n\t\t\t\t\t<\/div>\r\n\t\t\t\t<\/div>\r\n\t\t\t<\/div>\r\n\t\t<\/div>\r\n\t<\/div>\r\n<\/div><div class=\"wpb_column vc_column_container vc_col-sm-12 vc_col-lg-offset-0 vc_col-lg-6 vc_col-md-offset-1 vc_col-md-10 event-categ-col\">\r\n\t<div class=\"vc_column-inner\">\r\n\t\t<div class=\"wpb_wrapper\">\r\n\t\t\t<div class=\"vc_row wpb_row vc_inner vc_row-fluid vc_row-o-equal-height vc_row-o-content-middle vc_row-flex\">\r\n\t\t\t\t<div class=\"col-norm wpb_column vc_column_container vc_col-sm-6 col-img\">\r\n\t\t\t\t\t<div class=\"vc_column-inner\" style=\"background-image: url(https:\/\/gastrofest.ro\/wp-content\/uploads\/2023\/07\/img-event-lankaolimpia-2.jpg);\">\r\n\t\t\t\t\t\t<div class=\"wpb_wrapper\">\u00a0<\/div>\r\n\t\t\t\t\t<\/div>\r\n\t\t\t\t<\/div>\r\n\t\t\t\t<div class=\"col-norm wpb_column vc_column_container vc_col-sm-6 col-txt\">\r\n\t\t\t\t\t<div class=\"vc_column-inner\">\r\n\t\t\t\t\t\t<div class=\"wpb_wrapper\">\r\n\t\t\t\t\t\t\t<h4 class=\"categ-title\">Lankaolimpia<\/h4>\r\n\t\t\t\t\t\t\t<div class=\"categ-desc\">Se zice c\u0103 \u00een calitate de p\u0103rin\u021bi, descoperim capacit\u0103\u021bi ascunse pe care anterior nu credeam c\u0103 le avem. De exemplu, putem alerga u\u0219or suta de metri pe teren dificil, av\u00e2nd copilul \u00een bra\u021be... A\u021bi avut vreo astfel de experien\u021b\u0103? Atunci haide\u021bi la I. Festival Gastronomic Lanka din Valea Nirajului \u0219i \u00eenscrie\u021bi-v\u0103 la Lankaolimpiad\u0103!<\/div>\r\n\t\t\t\t\t\t<\/div>\r\n\t\t\t\t\t<\/div>\r\n\t\t\t\t<\/div>\r\n\t\t\t<\/div>\r\n\t\t<\/div>\r\n\t<\/div>\r\n<\/div><\/div>\t<\/div>\r\n<\/div><\/div>[\/vc_column_text]<style type=\"text\/css\" data-type=\"the7_shortcodes-inline-css\">#default-btn-7d5cfab5efbf5253774838bb1dd45edf.ico-right-side > i {\n  margin-right: 0px;\n  margin-left: 8px;\n}\n#default-btn-7d5cfab5efbf5253774838bb1dd45edf > i {\n  margin-right: 8px;\n}\n<\/style><div class=\"btn-align-center\"><a href=\"https:\/\/gastrofest.ro\/ro\/evenimente\/\" class=\"default-btn-shortcode dt-btn dt-btn-m link-hover-off \" id=\"default-btn-7d5cfab5efbf5253774838bb1dd45edf\" title=\"Programok\"><span>Evenimente<\/span><\/a><\/div><style type=\"text\/css\" data-type=\"the7_shortcodes-inline-css\">#default-btn-4e9da452eeade54f0b6cc13ee15e50f0.ico-right-side > i {\n  margin-right: 0px;\n  margin-left: 8px;\n}\n#default-btn-4e9da452eeade54f0b6cc13ee15e50f0 > i {\n  margin-right: 8px;\n}\n<\/style><div class=\"btn-align-center\"><a href=\"https:\/\/gastrofest.ro\/ro\/bilete\/\" class=\"default-btn-shortcode dt-btn dt-btn-m link-hover-off but-tickets-home \" id=\"default-btn-4e9da452eeade54f0b6cc13ee15e50f0\" title=\"Bilete\"><span>BILETE<\/span><\/a><\/div>[\/vc_column][\/vc_row][\/vc_section][vc_row full_width=&#8221;stretch_row&#8221; el_id=&#8221;homeOrganizers&#8221;][vc_column width=&#8221;1\/2&#8243;][vc_custom_heading text=&#8221;Organizator&#8221; font_container=&#8221;tag:h4|text_align:center&#8221; use_theme_fonts=&#8221;yes&#8221;][vc_single_image image=&#8221;37&#8243; img_size=&#8221;full&#8221; alignment=&#8221;center&#8221; onclick=&#8221;custom_link&#8221; img_link_target=&#8221;_blank&#8221; image_hovers=&#8221;false&#8221; link=&#8221;https:\/\/lanka.ro\/&#8221;][\/vc_column][vc_column width=&#8221;1\/2&#8243;][vc_custom_heading text=&#8221;Partenerul gastronomic principal al evenimentului&#8221; font_container=&#8221;tag:h4|text_align:center&#8221; use_theme_fonts=&#8221;yes&#8221;][vc_single_image image=&#8221;36&#8243; img_size=&#8221;full&#8221; alignment=&#8221;center&#8221; onclick=&#8221;custom_link&#8221; img_link_target=&#8221;_blank&#8221; image_hovers=&#8221;false&#8221; link=&#8221;https:\/\/castelhaller.ro\/&#8221;][\/vc_column][\/vc_row][vc_row full_width=&#8221;stretch_row&#8221; el_id=&#8221;homeComingSoon&#8221;][vc_column][vc_video link=&#8221;https:\/\/www.youtube.com\/watch?v=UbsWazxs-JE&#8221; align=&#8221;center&#8221;][\/vc_column][\/vc_row][vc_row full_width=&#8221;stretch_row_content_no_spaces&#8221; el_id=&#8221;homeMoodRow&#8221; el_class=&#8221;normal&#8221;][vc_column width=&#8221;1\/3&#8243;][vc_row_inner el_class=&#8221;row-inner&#8221;][vc_column_inner el_class=&#8221;col-norm&#8221; width=&#8221;1\/2&#8243;][vc_single_image image=&#8221;48&#8243; img_size=&#8221;full&#8221; alignment=&#8221;center&#8221; lazy_loading=&#8221;true&#8221;][\/vc_column_inner][vc_column_inner el_class=&#8221;col-green&#8221; width=&#8221;1\/2&#8243;][vc_single_image image=&#8221;65&#8243; img_size=&#8221;full&#8221; alignment=&#8221;center&#8221; lazy_loading=&#8221;true&#8221;][\/vc_column_inner][\/vc_row_inner][\/vc_column][vc_column width=&#8221;1\/3&#8243;][vc_row_inner el_class=&#8221;row-inner&#8221;][vc_column_inner el_class=&#8221;col-norm&#8221; width=&#8221;1\/2&#8243;][vc_single_image image=&#8221;46&#8243; img_size=&#8221;full&#8221; alignment=&#8221;center&#8221; lazy_loading=&#8221;true&#8221;][\/vc_column_inner][vc_column_inner el_class=&#8221;col-green&#8221; width=&#8221;1\/2&#8243;][vc_single_image image=&#8221;64&#8243; img_size=&#8221;full&#8221; alignment=&#8221;center&#8221; lazy_loading=&#8221;true&#8221;][\/vc_column_inner][\/vc_row_inner][\/vc_column][vc_column width=&#8221;1\/3&#8243;][vc_row_inner el_class=&#8221;row-inner&#8221;][vc_column_inner el_class=&#8221;col-norm&#8221; width=&#8221;1\/2&#8243;][vc_single_image image=&#8221;50&#8243; img_size=&#8221;full&#8221; alignment=&#8221;center&#8221; lazy_loading=&#8221;true&#8221;][\/vc_column_inner][vc_column_inner el_class=&#8221;col-green&#8221; width=&#8221;1\/2&#8243;][vc_single_image image=&#8221;63&#8243; img_size=&#8221;full&#8221; alignment=&#8221;center&#8221; lazy_loading=&#8221;true&#8221;][\/vc_column_inner][\/vc_row_inner][\/vc_column][vc_column width=&#8221;1\/3&#8243;][vc_row_inner el_class=&#8221;row-inner row-inverted&#8221;][vc_column_inner el_class=&#8221;col-norm&#8221; width=&#8221;1\/2&#8243;][vc_single_image image=&#8221;49&#8243; img_size=&#8221;full&#8221; alignment=&#8221;center&#8221; lazy_loading=&#8221;true&#8221;][\/vc_column_inner][vc_column_inner el_class=&#8221;col-green&#8221; width=&#8221;1\/2&#8243;][vc_single_image image=&#8221;62&#8243; img_size=&#8221;full&#8221; alignment=&#8221;center&#8221; lazy_loading=&#8221;true&#8221;][\/vc_column_inner][\/vc_row_inner][\/vc_column][vc_column width=&#8221;1\/3&#8243;][vc_row_inner el_class=&#8221;row-inner row-inverted&#8221;][vc_column_inner el_class=&#8221;col-norm&#8221; width=&#8221;1\/2&#8243;][vc_single_image image=&#8221;47&#8243; img_size=&#8221;full&#8221; alignment=&#8221;center&#8221; lazy_loading=&#8221;true&#8221;][\/vc_column_inner][vc_column_inner el_class=&#8221;col-green&#8221; width=&#8221;1\/2&#8243;][vc_single_image image=&#8221;57&#8243; img_size=&#8221;full&#8221; alignment=&#8221;center&#8221; lazy_loading=&#8221;true&#8221;][\/vc_column_inner][\/vc_row_inner][\/vc_column][vc_column width=&#8221;1\/3&#8243;][vc_row_inner el_class=&#8221;row-inner row-inverted&#8221;][vc_column_inner el_class=&#8221;col-norm&#8221; width=&#8221;1\/2&#8243;][vc_single_image image=&#8221;42&#8243; img_size=&#8221;full&#8221; alignment=&#8221;center&#8221; lazy_loading=&#8221;true&#8221;][\/vc_column_inner][vc_column_inner el_class=&#8221;col-green&#8221; width=&#8221;1\/2&#8243;][vc_single_image image=&#8221;61&#8243; img_size=&#8221;full&#8221; alignment=&#8221;center&#8221; lazy_loading=&#8221;true&#8221;][\/vc_column_inner][\/vc_row_inner][\/vc_column][vc_column width=&#8221;1\/3&#8243;][vc_row_inner el_class=&#8221;row-inner&#8221;][vc_column_inner el_class=&#8221;col-norm&#8221; width=&#8221;1\/2&#8243;][vc_single_image image=&#8221;43&#8243; img_size=&#8221;full&#8221; alignment=&#8221;center&#8221; lazy_loading=&#8221;true&#8221;][\/vc_column_inner][vc_column_inner el_class=&#8221;col-green&#8221; width=&#8221;1\/2&#8243;][vc_single_image image=&#8221;59&#8243; img_size=&#8221;full&#8221; alignment=&#8221;center&#8221; lazy_loading=&#8221;true&#8221;][\/vc_column_inner][\/vc_row_inner][\/vc_column][vc_column width=&#8221;1\/3&#8243;][vc_row_inner el_class=&#8221;row-inner&#8221;][vc_column_inner el_class=&#8221;col-norm&#8221; width=&#8221;1\/2&#8243;][vc_single_image image=&#8221;51&#8243; img_size=&#8221;full&#8221; alignment=&#8221;center&#8221; lazy_loading=&#8221;true&#8221;][\/vc_column_inner][vc_column_inner el_class=&#8221;col-green&#8221; width=&#8221;1\/2&#8243;][vc_single_image image=&#8221;69&#8243; img_size=&#8221;full&#8221; alignment=&#8221;center&#8221; lazy_loading=&#8221;true&#8221;][\/vc_column_inner][\/vc_row_inner][\/vc_column][vc_column width=&#8221;1\/3&#8243;][vc_row_inner el_class=&#8221;row-inner&#8221;][vc_column_inner el_class=&#8221;col-norm&#8221; width=&#8221;1\/2&#8243;][vc_single_image image=&#8221;52&#8243; img_size=&#8221;full&#8221; alignment=&#8221;center&#8221; lazy_loading=&#8221;true&#8221;][\/vc_column_inner][vc_column_inner el_class=&#8221;col-green&#8221; width=&#8221;1\/2&#8243;][vc_single_image image=&#8221;58&#8243; img_size=&#8221;full&#8221; alignment=&#8221;center&#8221; lazy_loading=&#8221;true&#8221;][\/vc_column_inner][\/vc_row_inner][\/vc_column][\/vc_row]<\/p>\n<\/section>","protected":false},"excerpt":{"rendered":"<p>[vc_row full_width=&#8221;stretch_row&#8221; el_id=&#8221;homeMobileHeader&#8221;][vc_column][vc_single_image image=&#8221;160&#8243; img_size=&#8221;full&#8221; alignment=&#8221;center&#8221; image_hovers=&#8221;false&#8221;][\/vc_column][\/vc_row][vc_row el_id=&#8221;homeTopLang&#8221;][vc_column][vc_icon icon_fontawesome=&#8221;fab fa-facebook&#8221; color=&#8221;white&#8221; size=&#8221;sm&#8221; link=&#8221;url:https%3A%2F%2Fwww.facebook.com%2Flankagastrofest|title:Facebook|target:_blank&#8221;][vc_icon icon_fontawesome=&#8221;fab fa-youtube&#8221; color=&#8221;white&#8221; size=&#8221;sm&#8221; link=&#8221;url:https%3A%2F%2Fwww.youtube.com%2F%40lankatransylvania-mezeluri18|title:Youtube|target:_blank&#8221;][vc_column_text][\/vc_column_text][\/vc_column][\/vc_row][vc_row full_width=&#8221;stretch_row&#8221; equal_height=&#8221;yes&#8221; content_placement=&#8221;middle&#8221; el_class=&#8221;row-home-main-menu&#8221;][vc_column][vc_wp_custommenu nav_menu=&#8221;10&#8243;][vc_raw_html]JTNDYSUyMGhyZWYlM0QlMjIlMjMlMjIlMjBjbGFzcyUzRCUyMmR0LW1vYmlsZS1tZW51LWljb24lMjIlMjBhcmlhLWxhYmVsJTNEJTIyTW9iaWxlJTIwbWVudSUyMGljb24lMjIlM0UlM0NkaXYlMjBjbGFzcyUzRCUyMmxpbmVzLWJ1dHRvbiUyMCUyMiUzRSUzQ3NwYW4lMjBjbGFzcyUzRCUyMm1lbnUtbGluZSUyMiUzRSUzQyUyRnNwYW4lM0UlM0NzcGFuJTIwY2xhc3MlM0QlMjJtZW51LWxpbmUlMjIlM0UlM0MlMkZzcGFuJTNFJTNDc3BhbiUyMGNsYXNzJTNEJTIybWVudS1saW5lJTIyJTNFJTNDJTJGc3BhbiUzRSUzQyUyRmRpdiUzRSUzQyUyRmElM0U=[\/vc_raw_html][\/vc_column][\/vc_row][vc_row el_class=&#8221;row-ticket-info&#8221;][vc_column width=&#8221;1\/4&#8243;][\/vc_column][vc_column width=&#8221;1\/2&#8243; el_class=&#8221;green-block&#8221;][vc_custom_heading text=&#8221;Bilete la intrare!&#8221; font_container=&#8221;tag:h2|text_align:center&#8221; use_theme_fonts=&#8221;yes&#8221; el_class=&#8221;home-ticket-info&#8221;][\/vc_column][vc_column width=&#8221;1\/4&#8243;][\/vc_column][\/vc_row][vc_section el_id=&#8221;homeMiddle&#8221;][vc_row][vc_column][vc_custom_heading text=&#8221;Cel mai mare festival gastronomic din jude\u0163ul Mure\u015f!&#8221; font_container=&#8221;tag:h1|text_align:center&#8221; use_theme_fonts=&#8221;yes&#8221; css=&#8221;.vc_custom_1693597084038{margin-bottom: 35px !important;}&#8221;][vc_custom_heading text=&#8221;Preg\u0103tim un eveniment bogat \u00een arome, experien\u021be,&hellip;<\/p>\n","protected":false},"author":1,"featured_media":0,"parent":0,"menu_order":0,"comment_status":"closed","ping_status":"closed","template":"template-microsite.php","meta":[],"yoast_head":"<!-- This site is optimized with the Yoast SEO plugin v21.0 - https:\/\/yoast.com\/wordpress\/plugins\/seo\/ -->\n<title>Gastrofest 2023 - Maros megye legnagyobb gasztrofesztiv\u00e1lja!<\/title>\n<meta name=\"description\" content=\"\u00cdzekben, \u00e9lm\u00e9nyekben, tal\u00e1lkoz\u00e1sokban \u00e9s j\u00f3kedvben gazdag esem\u00e9nnyel k\u00e9sz\u00fcl\u00fcnk!\" \/>\n<meta name=\"robots\" content=\"index, follow, max-snippet:-1, max-image-preview:large, max-video-preview:-1\" \/>\n<link rel=\"canonical\" href=\"https:\/\/gastrofest.ro\/ro\/\" \/>\n<meta property=\"og:locale\" content=\"ro_RO\" \/>\n<meta property=\"og:type\" content=\"article\" \/>\n<meta property=\"og:title\" content=\"Gastrofest 2023 - Maros megye legnagyobb gasztrofesztiv\u00e1lja!\" \/>\n<meta property=\"og:description\" content=\"\u00cdzekben, \u00e9lm\u00e9nyekben, tal\u00e1lkoz\u00e1sokban \u00e9s j\u00f3kedvben gazdag esem\u00e9nnyel k\u00e9sz\u00fcl\u00fcnk!\" \/>\n<meta property=\"og:url\" content=\"https:\/\/gastrofest.ro\/ro\/\" \/>\n<meta property=\"og:site_name\" content=\"Gastrofest 2023\" \/>\n<meta property=\"article:publisher\" content=\"https:\/\/www.facebook.com\/lankagastrofest\" \/>\n<meta property=\"article:modified_time\" content=\"2023-09-02T08:36:15+00:00\" \/>\n<meta property=\"og:image\" content=\"https:\/\/gastrofest.ro\/wp-content\/uploads\/2023\/07\/banner-lanka-1.jpg\" \/>\n\t<meta property=\"og:image:width\" content=\"1920\" \/>\n\t<meta property=\"og:image:height\" content=\"660\" \/>\n\t<meta property=\"og:image:type\" content=\"image\/jpeg\" \/>\n<meta name=\"twitter:card\" content=\"summary_large_image\" \/>\n<meta name=\"twitter:label1\" content=\"Est. reading time\" \/>\n\t<meta name=\"twitter:data1\" content=\"4 minute\" \/>\n<script type=\"application\/ld+json\" class=\"yoast-schema-graph\">{\"@context\":\"https:\/\/schema.org\",\"@graph\":[{\"@type\":\"WebPage\",\"@id\":\"https:\/\/gastrofest.ro\/ro\/\",\"url\":\"https:\/\/gastrofest.ro\/ro\/\",\"name\":\"Gastrofest 2023 - Maros megye legnagyobb gasztrofesztiv\u00e1lja!\",\"isPartOf\":{\"@id\":\"https:\/\/gastrofest.ro\/#website\"},\"datePublished\":\"2022-12-13T07:14:00+00:00\",\"dateModified\":\"2023-09-02T08:36:15+00:00\",\"description\":\"\u00cdzekben, \u00e9lm\u00e9nyekben, tal\u00e1lkoz\u00e1sokban \u00e9s j\u00f3kedvben gazdag esem\u00e9nnyel k\u00e9sz\u00fcl\u00fcnk!\",\"breadcrumb\":{\"@id\":\"https:\/\/gastrofest.ro\/ro\/#breadcrumb\"},\"inLanguage\":\"ro-RO\",\"potentialAction\":[{\"@type\":\"ReadAction\",\"target\":[\"https:\/\/gastrofest.ro\/ro\/\"]}]},{\"@type\":\"BreadcrumbList\",\"@id\":\"https:\/\/gastrofest.ro\/ro\/#breadcrumb\",\"itemListElement\":[{\"@type\":\"ListItem\",\"position\":1,\"name\":\"Home\",\"item\":\"https:\/\/gastrofest.ro\/ro\/multumim\/\"},{\"@type\":\"ListItem\",\"position\":2,\"name\":\"!Homepage-RO\"}]},{\"@type\":\"WebSite\",\"@id\":\"https:\/\/gastrofest.ro\/#website\",\"url\":\"https:\/\/gastrofest.ro\/\",\"name\":\"Gastrofest 2023\",\"description\":\"\",\"publisher\":{\"@id\":\"https:\/\/gastrofest.ro\/#organization\"},\"potentialAction\":[{\"@type\":\"SearchAction\",\"target\":{\"@type\":\"EntryPoint\",\"urlTemplate\":\"https:\/\/gastrofest.ro\/?s={search_term_string}\"},\"query-input\":\"required name=search_term_string\"}],\"inLanguage\":\"ro-RO\"},{\"@type\":\"Organization\",\"@id\":\"https:\/\/gastrofest.ro\/#organization\",\"name\":\"Gastrofest 2023\",\"url\":\"https:\/\/gastrofest.ro\/\",\"logo\":{\"@type\":\"ImageObject\",\"inLanguage\":\"ro-RO\",\"@id\":\"https:\/\/gastrofest.ro\/#\/schema\/logo\/image\/\",\"url\":\"https:\/\/gastrofest.ro\/wp-content\/uploads\/2022\/12\/gastrofest-logo-color-hu-500.png\",\"contentUrl\":\"https:\/\/gastrofest.ro\/wp-content\/uploads\/2022\/12\/gastrofest-logo-color-hu-500.png\",\"width\":500,\"height\":434,\"caption\":\"Gastrofest 2023\"},\"image\":{\"@id\":\"https:\/\/gastrofest.ro\/#\/schema\/logo\/image\/\"},\"sameAs\":[\"https:\/\/www.facebook.com\/lankagastrofest\"]}]}<\/script>\n<!-- \/ Yoast SEO plugin. -->","yoast_head_json":{"title":"Gastrofest 2023 - Maros megye legnagyobb gasztrofesztiv\u00e1lja!","description":"\u00cdzekben, \u00e9lm\u00e9nyekben, tal\u00e1lkoz\u00e1sokban \u00e9s j\u00f3kedvben gazdag esem\u00e9nnyel k\u00e9sz\u00fcl\u00fcnk!","robots":{"index":"index","follow":"follow","max-snippet":"max-snippet:-1","max-image-preview":"max-image-preview:large","max-video-preview":"max-video-preview:-1"},"canonical":"https:\/\/gastrofest.ro\/ro\/","og_locale":"ro_RO","og_type":"article","og_title":"Gastrofest 2023 - Maros megye legnagyobb gasztrofesztiv\u00e1lja!","og_description":"\u00cdzekben, \u00e9lm\u00e9nyekben, tal\u00e1lkoz\u00e1sokban \u00e9s j\u00f3kedvben gazdag esem\u00e9nnyel k\u00e9sz\u00fcl\u00fcnk!","og_url":"https:\/\/gastrofest.ro\/ro\/","og_site_name":"Gastrofest 2023","article_publisher":"https:\/\/www.facebook.com\/lankagastrofest","article_modified_time":"2023-09-02T08:36:15+00:00","og_image":[{"width":1920,"height":660,"url":"https:\/\/gastrofest.ro\/wp-content\/uploads\/2023\/07\/banner-lanka-1.jpg","type":"image\/jpeg"}],"twitter_card":"summary_large_image","twitter_misc":{"Est. reading time":"4 minute"},"schema":{"@context":"https:\/\/schema.org","@graph":[{"@type":"WebPage","@id":"https:\/\/gastrofest.ro\/ro\/","url":"https:\/\/gastrofest.ro\/ro\/","name":"Gastrofest 2023 - Maros megye legnagyobb gasztrofesztiv\u00e1lja!","isPartOf":{"@id":"https:\/\/gastrofest.ro\/#website"},"datePublished":"2022-12-13T07:14:00+00:00","dateModified":"2023-09-02T08:36:15+00:00","description":"\u00cdzekben, \u00e9lm\u00e9nyekben, tal\u00e1lkoz\u00e1sokban \u00e9s j\u00f3kedvben gazdag esem\u00e9nnyel k\u00e9sz\u00fcl\u00fcnk!","breadcrumb":{"@id":"https:\/\/gastrofest.ro\/ro\/#breadcrumb"},"inLanguage":"ro-RO","potentialAction":[{"@type":"ReadAction","target":["https:\/\/gastrofest.ro\/ro\/"]}]},{"@type":"BreadcrumbList","@id":"https:\/\/gastrofest.ro\/ro\/#breadcrumb","itemListElement":[{"@type":"ListItem","position":1,"name":"Home","item":"https:\/\/gastrofest.ro\/ro\/multumim\/"},{"@type":"ListItem","position":2,"name":"!Homepage-RO"}]},{"@type":"WebSite","@id":"https:\/\/gastrofest.ro\/#website","url":"https:\/\/gastrofest.ro\/","name":"Gastrofest 2023","description":"","publisher":{"@id":"https:\/\/gastrofest.ro\/#organization"},"potentialAction":[{"@type":"SearchAction","target":{"@type":"EntryPoint","urlTemplate":"https:\/\/gastrofest.ro\/?s={search_term_string}"},"query-input":"required name=search_term_string"}],"inLanguage":"ro-RO"},{"@type":"Organization","@id":"https:\/\/gastrofest.ro\/#organization","name":"Gastrofest 2023","url":"https:\/\/gastrofest.ro\/","logo":{"@type":"ImageObject","inLanguage":"ro-RO","@id":"https:\/\/gastrofest.ro\/#\/schema\/logo\/image\/","url":"https:\/\/gastrofest.ro\/wp-content\/uploads\/2022\/12\/gastrofest-logo-color-hu-500.png","contentUrl":"https:\/\/gastrofest.ro\/wp-content\/uploads\/2022\/12\/gastrofest-logo-color-hu-500.png","width":500,"height":434,"caption":"Gastrofest 2023"},"image":{"@id":"https:\/\/gastrofest.ro\/#\/schema\/logo\/image\/"},"sameAs":["https:\/\/www.facebook.com\/lankagastrofest"]}]}},"_links":{"self":[{"href":"https:\/\/gastrofest.ro\/ro\/wp-json\/wp\/v2\/pages\/127"}],"collection":[{"href":"https:\/\/gastrofest.ro\/ro\/wp-json\/wp\/v2\/pages"}],"about":[{"href":"https:\/\/gastrofest.ro\/ro\/wp-json\/wp\/v2\/types\/page"}],"author":[{"embeddable":true,"href":"https:\/\/gastrofest.ro\/ro\/wp-json\/wp\/v2\/users\/1"}],"replies":[{"embeddable":true,"href":"https:\/\/gastrofest.ro\/ro\/wp-json\/wp\/v2\/comments?post=127"}],"version-history":[{"count":35,"href":"https:\/\/gastrofest.ro\/ro\/wp-json\/wp\/v2\/pages\/127\/revisions"}],"predecessor-version":[{"id":1970,"href":"https:\/\/gastrofest.ro\/ro\/wp-json\/wp\/v2\/pages\/127\/revisions\/1970"}],"wp:attachment":[{"href":"https:\/\/gastrofest.ro\/ro\/wp-json\/wp\/v2\/media?parent=127"}],"curies":[{"name":"wp","href":"https:\/\/api.w.org\/{rel}","templated":true}]}}